{"id":52,"date":"2017-10-07T20:57:03","date_gmt":"2017-10-08T01:57:03","guid":{"rendered":"http:\/\/ibbpacer.org\/iglesia\/?page_id=52"},"modified":"2017-10-09T00:39:59","modified_gmt":"2017-10-09T05:39:59","slug":"nuestra-historia","status":"publish","type":"page","link":"http:\/\/ibbpacer.org\/?page_id=52","title":{"rendered":"Nuestra Historia"},"content":{"rendered":"<p class=\"MsoNoSpacing\" style=\"text-align: justify; margin: 0in 0in 0pt;\"><span lang=\"ES-MX\" style=\"font-family: 'Candara','sans-serif'; font-size: 14pt; mso-ansi-language: ES-MX;\"><span style=\"color: #000000;\">IBBPACER empez\u00f3 de la siguiente manera:<\/span><\/span><\/p>\n<p class=\"MsoNoSpacing\" style=\"text-align: justify; margin: 0in 0in 0pt;\"><span lang=\"ES-MX\" style=\"font-family: 'Candara','sans-serif'; font-size: 14pt; mso-ansi-language: ES-MX;\"><span style=\"color: #000000;\">\u00a0<\/span><\/span><\/p>\n<p class=\"MsoNoSpacing\" style=\"text-align: justify; margin: 0in 0in 0pt;\"><span lang=\"ES-MX\" style=\"font-family: 'Candara','sans-serif'; font-size: 14pt; mso-ansi-language: ES-MX;\"><span style=\"color: #000000;\">Mi esposa Amada Vanoye y un servidor, El\u00edas Salazar nacimos y crecimos espiritualmente en la Iglesia Bautista B\u00edblica de Cd. Mante, Tamaulipas, M\u00e9xico. Despu\u00e9s de<span style=\"mso-spacerun: yes;\">\u00a0<\/span>la High School fui al Instituto B\u00edblico Bautista de la misma ciudad.<\/span><\/span><\/p>\n<p class=\"MsoNoSpacing\" style=\"text-align: justify; margin: 0in 0in 0pt;\"><span lang=\"ES-MX\" style=\"font-family: 'Candara','sans-serif'; font-size: 14pt; mso-ansi-language: ES-MX;\"><span style=\"color: #000000;\">\u00a0<\/span><\/span><\/p>\n<p class=\"MsoNoSpacing\" style=\"text-align: justify; margin: 0in 0in 0pt;\"><span lang=\"ES-MX\" style=\"font-family: 'Candara','sans-serif'; font-size: 14pt; mso-ansi-language: ES-MX;\"><span style=\"color: #000000;\">A los 16 a\u00f1os rend\u00ed mi vida para servir a Dios de tiempo completo.<span style=\"mso-spacerun: yes;\">\u00a0 <\/span>Comenc\u00e9 a orar<span style=\"mso-spacerun: yes;\">\u00a0 <\/span>pidiendo direcci\u00f3n de Dios en cuanto al lugar y al enfoque que tendr\u00eda mi ministerio.<span style=\"mso-spacerun: yes;\">\u00a0 <\/span>Al t\u00e9rmino del primer a\u00f1o en el seminario en 1981 ya estaba consciente de Que Dios quer\u00eda que le sirviera como misionero fuera de M\u00e9xico, sin embargo ten\u00eda que comenzar en mi iglesia y en mi pa\u00eds para tomar experiencia y particip\u00e9 en el inicio de dos iglesias en la misma Ciudad, encabezando el grupo de j\u00f3venes para evangelizar y predicar.<\/span><\/span><\/p>\n<p class=\"MsoNoSpacing\" style=\"text-align: justify; margin: 0in 0in 0pt;\"><span lang=\"ES-MX\" style=\"font-family: 'Candara','sans-serif'; font-size: 14pt; mso-ansi-language: ES-MX;\"><span style=\"color: #000000;\">\u00a0<\/span><\/span><\/p>\n<p class=\"MsoNoSpacing\" style=\"text-align: justify; margin: 0in 0in 0pt;\"><span lang=\"ES-MX\" style=\"font-family: 'Candara','sans-serif'; font-size: 14pt; mso-ansi-language: ES-MX;\"><span style=\"color: #000000;\">Cuando termin\u00e9 el seminario en 1983 fui como ayudante de un misionero a Cd. Victoria, Tamps. M\u00e9xico. El 16 de enero de 1985 particip\u00e9 en organizaci\u00f3n la Iglesia Bautista B\u00edblica de Cd. Victoria, Nombr\u00e1ndome como su primer pastor.<span style=\"mso-spacerun: yes;\">\u00a0 <\/span>Fui ordenado al Santo ministerio en esta misma iglesia, el 10 de marzo de 1986 por un concilio formado por 13 pastores de diferentes partes del pa\u00eds. Tambi\u00e9n particip\u00e9 de manera importante en la plantaci\u00f3n de la Iglesia Bautista Libertad de de la Colonia Libertad de esta misma Cd. Durante este tiempo estuve orando por direcci\u00f3n de parte del Se\u00f1or y Dios me confirm\u00f3: &#8220;Quiero que seas un misionero&#8221; \u00bfDe veras quieres que sea un misionero?, entonces dame la oportunidad de ser el primer misionero apoyado y sostenido por el Compa\u00f1erismo Bautista B\u00edblico de M\u00e9xico y en noviembre de 1986 fuimos aprobados como misioneros en Tuxtla, Gtz, Chiapas. A s\u00ed fue que estuvimos desde el 14 de Junio de 1987 al 30 de diciembre de 1997. Despu\u00e9s de 7 a\u00f1os Dios nos permiti\u00f3 plantar la Iglesia Bautista B\u00edblica de Cuautla, AR con 80 miembros activos y con su terreno de 1000 mt2, donde construimos el templo y sus salones de ED de estructura met\u00e1lica.<\/span><\/span><\/p>\n<p class=\"MsoNoSpacing\" style=\"text-align: justify; margin: 0in 0in 0pt;\"><span lang=\"ES-MX\" style=\"font-family: 'Candara','sans-serif'; font-size: 14pt; mso-ansi-language: ES-MX;\"><span style=\"color: #000000;\">\u00a0<\/span><\/span><\/p>\n<p class=\"MsoNoSpacing\" style=\"text-align: justify; margin: 0in 0in 0pt;\"><span lang=\"ES-MX\" style=\"font-family: 'Candara','sans-serif'; font-size: 14pt; mso-ansi-language: ES-MX;\"><span style=\"color: #000000;\">En 1997<span style=\"mso-spacerun: yes;\">\u00a0 <\/span>tuve la convicci\u00f3n del Se\u00f1or que me dec\u00eda, &#8220;Tu misi\u00f3n ha terminado en este lugar, ahora quiero que vallas fuera de M\u00e9xico&#8221; Hicimos la documentaci\u00f3n correspondiente para comenzar una Iglesia Hispana en Texas por parte del CBBM, sin embargo no fue aprobado. Me dijeron que &#8220;EU no necesita misioneros, y que M\u00e9xico si necesitamos misioneros&#8221;.<\/span><\/span><\/p>\n<p class=\"MsoNoSpacing\" style=\"text-align: justify; margin: 0in 0in 0pt;\"><span lang=\"ES-MX\" style=\"font-family: 'Candara','sans-serif'; font-size: 14pt; mso-ansi-language: ES-MX;\"><span style=\"color: #000000;\">\u00a0<\/span><\/span><\/p>\n<p class=\"MsoNoSpacing\" style=\"text-align: justify; margin: 0in 0in 0pt;\"><span lang=\"ES-MX\" style=\"font-family: 'Candara','sans-serif'; font-size: 14pt; mso-ansi-language: ES-MX;\"><span style=\"color: #000000;\">De Enero 15 de 1998 a enero 20 del 2003 fuimos Misioneros del ministerio AWANA Clubs Internacional en el occidente de M\u00e9xico.<\/span><\/span><\/p>\n<p class=\"MsoNoSpacing\" style=\"text-align: justify; margin: 0in 0in 0pt;\"><span lang=\"ES-MX\" style=\"font-family: 'Candara','sans-serif'; font-size: 14pt; mso-ansi-language: ES-MX;\"><span style=\"color: #000000;\">\u00a0<\/span><\/span><\/p>\n<p class=\"MsoNoSpacing\" style=\"text-align: justify; margin: 0in 0in 0pt;\"><span lang=\"ES-MX\" style=\"font-family: 'Candara','sans-serif'; font-size: 14pt; mso-ansi-language: ES-MX;\"><span style=\"color: #000000;\">Dios nos estaba usando y prosperando, como familia; ten\u00edamos lo necesario, pues ten\u00edamos excelente sostenimiento. Adem\u00e1s est\u00e1bamos alcanzando tremendas haza\u00f1as, organizando eventos a nivel nacional, que impactaban la obra de Dios y que nos llenaban de satisfacci\u00f3n, pero&#8230; hab\u00eda algo que nos inquietaba, no est\u00e1bamos plantando una iglesia.<\/span><\/span><\/p>\n<p class=\"MsoNoSpacing\" style=\"text-align: justify; margin: 0in 0in 0pt;\"><span lang=\"ES-MX\" style=\"font-family: 'Candara','sans-serif'; font-size: 14pt; mso-ansi-language: ES-MX;\"><span style=\"color: #000000;\">\u00a0<\/span><\/span><\/p>\n<p class=\"MsoNoSpacing\" style=\"text-align: justify; margin: 0in 0in 0pt;\"><span lang=\"ES-MX\" style=\"font-family: 'Candara','sans-serif'; font-size: 14pt; mso-ansi-language: ES-MX;\"><span style=\"color: #000000;\">El llamado de Dios era muy claro, por eso cuando de pronto el pastor Tommy Turbow me contacta para preguntarme si todav\u00eda quer\u00eda ser misionero a Texas no pude contener la emoci\u00f3n y las l\u00e1grimas de ver a mi Dios acordarse de nuestro llamado y de las peticiones de nuestro coraz\u00f3n.<\/span><\/span><\/p>\n<p class=\"MsoNoSpacing\" style=\"text-align: justify; margin: 0in 0in 0pt;\"><span lang=\"ES-MX\" style=\"font-family: 'Candara','sans-serif'; font-size: 14pt; mso-ansi-language: ES-MX;\"><span style=\"color: #000000;\">\u00a0<\/span><\/span><\/p>\n<p class=\"MsoNoSpacing\" style=\"text-align: justify; margin: 0in 0in 0pt;\"><span lang=\"ES-MX\" style=\"font-family: 'Candara','sans-serif'; font-size: 14pt; mso-ansi-language: ES-MX;\"><span style=\"color: #000000;\">As\u00ed fue que el comit\u00e9 del proyecto hispano del ETBBF me hace la invitaci\u00f3n para venir al campo misionero en Texas, siendo el presidente Rev. Kim Beckham, y como miembros Rev. Ken Rhoades, Tommy Turbow<\/span><\/span><\/p>\n<p class=\"MsoNoSpacing\" style=\"text-align: justify; margin: 0in 0in 0pt;\"><span lang=\"ES-MX\" style=\"font-family: 'Candara','sans-serif'; font-size: 14pt; mso-ansi-language: ES-MX;\"><span style=\"color: #000000;\">\u00a0<\/span><\/span><\/p>\n<p class=\"MsoNoSpacing\" style=\"text-align: justify; margin: 0in 0in 0pt;\"><span lang=\"ES-MX\" style=\"font-family: 'Candara','sans-serif'; font-size: 14pt; mso-ansi-language: ES-MX;\"><span style=\"color: #000000;\">El 8 de junio del 2002 acept\u00e9 el desaf\u00edo m\u00e1s grande en mi vida para ir como misionero fuera de mi pa\u00eds, y Plantar una Iglesia Hispana. Absolutamente, no ten\u00eda duda de que Dios me hab\u00eda llamado para utilizar nuestras vidas en esta misi\u00f3n. Hab\u00eda s\u00f3lo un problema. No sabia en que lugar, No conoc\u00eda a una sola persona con quienes comenzar como miembro. No sabia si tendr\u00edamos una casa donde vivir,<span style=\"mso-spacerun: yes;\">\u00a0 <\/span>Esta decisi\u00f3n de venir al campo misionero lo tuvimos que tomar por fe. Dios dijo,<span style=\"mso-spacerun: yes;\">\u00a0 <\/span>Id, as\u00ed que nosotros fuimos.<\/span><\/span><\/p>\n<p class=\"MsoNoSpacing\" style=\"text-align: justify; margin: 0in 0in 0pt;\"><span lang=\"ES-MX\" style=\"font-family: 'Candara','sans-serif'; font-size: 14pt; mso-ansi-language: ES-MX;\"><span style=\"color: #000000;\">\u00a0<\/span><\/span><\/p>\n<p class=\"MsoNoSpacing\" style=\"text-align: justify; margin: 0in 0in 0pt;\"><span lang=\"ES-MX\" style=\"font-family: 'Candara','sans-serif'; font-size: 14pt; mso-ansi-language: ES-MX;\"><span style=\"color: #000000;\">En la primera semana de Diciembre de 2002 el pastor Rev. Rob Lencourias de la iglesia Central Baptist Church, de Pasadera, TX me invit\u00f3 para estar en su iglesia predicando por un fin de semana y en esos dias me llevo por toda Pasadena.<span style=\"mso-spacerun: yes;\">\u00a0 <\/span>Tambi\u00e9n el pastor Rev. Kenneth Plunk y su hijo me llevaron por todas las calles donde viven los hispanos. Dios impresion\u00f3 mi coraz\u00f3n al ver el campo y la tremenda necesidad Y fue en este recorrido donde Dios me dio la convicci\u00f3n de venir y comenzar la iglesia en el sur-este del \u00e1rea metropolitana de Houston.<\/span><\/span><\/p>\n<p class=\"MsoNoSpacing\" style=\"text-align: justify; margin: 0in 0in 0pt;\"><span lang=\"ES-MX\" style=\"font-family: 'Candara','sans-serif'; font-size: 14pt; mso-ansi-language: ES-MX;\"><span style=\"color: #000000;\">\u00a0<\/span><\/span><\/p>\n<p class=\"MsoNoSpacing\" style=\"text-align: justify; margin: 0in 0in 0pt;\"><span lang=\"ES-MX\" style=\"font-family: 'Candara','sans-serif'; font-size: 14pt; mso-ansi-language: ES-MX;\"><span style=\"color: #000000;\">As\u00ed fue que El 20 de enero de 2003 Llegamos a Pasadera, TX.<\/span><\/span><\/p>\n<p class=\"MsoNoSpacing\" style=\"text-align: justify; margin: 0in 0in 0pt;\"><span lang=\"ES-MX\" style=\"font-family: 'Candara','sans-serif'; font-size: 14pt; mso-ansi-language: ES-MX;\"><span style=\"color: #000000;\">Exactamente as\u00ed comenz\u00f3 el primer proyecto misionero Hispano del ETBBF, con mi esposa un servidor y nuestros dos hijos Josu\u00e9 El\u00edas y Karen Bets\u00faa.<\/span><\/span><\/p>\n<p class=\"MsoNoSpacing\" style=\"text-align: justify; margin: 0in 0in 0pt;\"><span lang=\"ES-MX\" style=\"font-family: 'Candara','sans-serif'; font-size: 14pt; mso-ansi-language: ES-MX;\"><span style=\"color: #000000;\">Emocionados llegamos a Houston, TX el 21 de enero, con la Misi\u00f3n de plantar una Iglesia Hispana del Compa\u00f1erismo del Este de Texas. Que participar\u00e1 en comenzar y organizar iglesias leales al compa\u00f1erismo Estatal y Nacional.<\/span><\/span><\/p>\n<p class=\"MsoNoSpacing\" style=\"text-align: justify; margin: 0in 0in 0pt;\"><span lang=\"ES-MX\" style=\"font-family: 'Candara','sans-serif'; font-size: 14pt; mso-ansi-language: ES-MX;\"><span style=\"color: #000000;\">\u00a0<\/span><\/span><\/p>\n<p class=\"MsoNoSpacing\" style=\"text-align: justify; margin: 0in 0in 0pt;\"><span lang=\"ES-MX\" style=\"font-family: 'Candara','sans-serif'; font-size: 14pt; mso-ansi-language: ES-MX;\"><span style=\"color: #000000;\">Y con la oraci\u00f3n de que Dios llegara a hacer grandes cosas a trav\u00e9s de nuestras vidas.<\/span><\/span><\/p>\n<p class=\"MsoNoSpacing\" style=\"text-align: justify; margin: 0in 0in 0pt;\"><span lang=\"ES-MX\" style=\"font-family: 'Candara','sans-serif'; font-size: 14pt; mso-ansi-language: ES-MX;\"><span style=\"color: #000000;\">\u00a0<\/span><\/span><\/p>\n<p class=\"MsoNoSpacing\" style=\"text-align: justify; margin: 0in 0in 0pt;\"><span lang=\"ES-MX\" style=\"font-family: 'Candara','sans-serif'; font-size: 14pt; mso-ansi-language: ES-MX;\"><span style=\"color: #000000;\">Comenzamos a reunirnos como familia para orar y comenzamos a visitar casa por casa y a traerlos a un culto familiar en la casa donde viv\u00edamos.<\/span><\/span><\/p>\n<p class=\"MsoNoSpacing\" style=\"text-align: justify; margin: 0in 0in 0pt;\"><span lang=\"ES-MX\" style=\"font-family: 'Candara','sans-serif'; font-size: 14pt; mso-ansi-language: ES-MX;\"><span style=\"color: #000000;\">\u00a0<\/span><\/span><\/p>\n<p class=\"MsoNoSpacing\" style=\"text-align: justify; margin: 0in 0in 0pt;\"><span lang=\"ES-MX\" style=\"font-family: 'Candara','sans-serif'; font-size: 14pt; mso-ansi-language: ES-MX;\"><span style=\"color: #000000;\">\u00a1Gloria a Dios!<span style=\"mso-spacerun: yes;\">\u00a0 <\/span>Para Marzo Ya hab\u00edamos guiado a aceptar a Cristo como su salvador personal a un buen numero de personas, y llegamos a tener nuestro primer bautismo. Y ya nos hab\u00edan visitado a la iglesia 11<span style=\"mso-spacerun: yes;\">\u00a0 <\/span>familias.<\/span><\/span><\/p>\n<p class=\"MsoNoSpacing\" style=\"text-align: justify; margin: 0in 0in 0pt;\"><span lang=\"ES-MX\" style=\"font-family: 'Candara','sans-serif'; font-size: 14pt; mso-ansi-language: ES-MX;\"><span style=\"color: #000000;\">\u00a0<\/span><\/span><\/p>\n<p class=\"MsoNoSpacing\" style=\"text-align: justify; margin: 0in 0in 0pt;\"><span lang=\"ES-MX\" style=\"font-family: 'Candara','sans-serif'; font-size: 14pt; mso-ansi-language: ES-MX;\"><span style=\"color: #000000;\">Desde el principio la meta con cada familia ha sido ganarnos su amistad para que nos den la oportunidad de evangelizarles, discipularles, compartiendo la visi\u00f3n que Dios nos ha dado para la nueva iglesia.<\/span><\/span><\/p>\n<p class=\"MsoNoSpacing\" style=\"text-align: justify; margin: 0in 0in 0pt;\"><span lang=\"ES-MX\" style=\"font-family: 'Candara','sans-serif'; font-size: 14pt; mso-ansi-language: ES-MX;\"><span style=\"color: #000000;\">\u00a0<\/span><\/span><\/p>\n<p class=\"MsoNoSpacing\" style=\"text-align: justify; margin: 0in 0in 0pt;\"><span lang=\"ES-MX\" style=\"font-family: 'Candara','sans-serif'; font-size: 14pt; mso-ansi-language: ES-MX;\"><span style=\"color: #000000;\">El domingo 9 de Marzo por la ma\u00f1ana comenzamos los servicios en el templo de la iglesia Central Baptist Church, quienes nos han brindado desde un principio todas las facilidades.<\/span><\/span><\/p>\n<p class=\"MsoNoSpacing\" style=\"text-align: justify; margin: 0in 0in 0pt;\"><span lang=\"ES-MX\" style=\"font-family: 'Candara','sans-serif'; font-size: 14pt; mso-ansi-language: ES-MX;\"><span style=\"color: #000000;\">\u00a0<\/span><\/span><\/p>\n<p class=\"MsoNoSpacing\" style=\"text-align: justify; margin: 0in 0in 0pt;\"><span lang=\"ES-MX\" style=\"font-family: 'Candara','sans-serif'; font-size: 14pt; mso-ansi-language: ES-MX;\"><span style=\"color: #000000;\">El domingo 8 de Junio comenzamos a tener culto de oraci\u00f3n por la tarde.<\/span><\/span><\/p>\n<p class=\"MsoNoSpacing\" style=\"text-align: justify; margin: 0in 0in 0pt;\"><span lang=\"ES-MX\" style=\"font-family: 'Candara','sans-serif'; font-size: 14pt; mso-ansi-language: ES-MX;\"><span style=\"color: #000000;\">\u00a0<\/span><\/span><\/p>\n<p class=\"MsoNoSpacing\" style=\"text-align: justify; margin: 0in 0in 0pt;\"><span lang=\"ES-MX\" style=\"font-family: 'Candara','sans-serif'; font-size: 14pt; mso-ansi-language: ES-MX;\"><span style=\"color: #000000;\">Durante la primera etapa del discipulado: Mauricio y Claudia Gonz\u00e1les un joven matrimonio, tomaron la decisi\u00f3n de bautizarse y el 13 de Julio se bautizaron.<\/span><\/span><\/p>\n<p class=\"MsoNoSpacing\" style=\"text-align: justify; margin: 0in 0in 0pt;\"><span lang=\"ES-MX\" style=\"font-family: 'Candara','sans-serif'; font-size: 14pt; mso-ansi-language: ES-MX;\"><span style=\"color: #000000;\">\u00a0<\/span><\/span><\/p>\n<p class=\"MsoNoSpacing\" style=\"text-align: justify; margin: 0in 0in 0pt;\"><span lang=\"ES-MX\" style=\"font-family: 'Candara','sans-serif'; font-size: 14pt; mso-ansi-language: ES-MX;\"><span style=\"color: #000000;\">Durante el verano\u00a0del 03, desarrollamos actividades para darnos a conocer en la comunidad de Pasadera y sembrar la preciosa semilla entre la ni\u00f1ez y la juventud, abriendo el Gym de la Iglesia durante 10 semanas, del 2 de Junio al 8 de Agosto, todos los d\u00edas de 10:00 am a 1:30 pm; En promedio tuvimos 35 ni\u00f1os y adolescentes cada d\u00eda; 130 ni\u00f1os registrados, 17 aceptaron a Cristo como salvador y 55 direcciones de hogares para visitarles como futuros prospectos.<\/span><\/span><\/p>\n<p class=\"MsoNoSpacing\" style=\"text-align: justify; margin: 0in 0in 0pt;\"><span lang=\"ES-MX\" style=\"font-family: 'Candara','sans-serif'; font-size: 14pt; mso-ansi-language: ES-MX;\"><span style=\"color: #000000;\">\u00a0<\/span><\/span><\/p>\n<p class=\"MsoNoSpacing\" style=\"text-align: justify; margin: 0in 0in 0pt;\"><span lang=\"ES-MX\" style=\"font-family: 'Candara','sans-serif'; font-size: 14pt; mso-ansi-language: ES-MX;\"><span style=\"color: #000000;\">Durante este tiempo de trabajo intenso, nuestras<span style=\"mso-spacerun: yes;\">\u00a0 <\/span>vidas fueron impresionadas por la desgracia espiritual, moral y material en que se encuentra la mayor\u00eda del pueblo hispano; Llegamos a sentir la responsabilidad y la carga mas pesada en cuanto a la misi\u00f3n que Dios nos dio.<\/span><\/span><\/p>\n<p class=\"MsoNoSpacing\" style=\"text-align: justify; margin: 0in 0in 0pt;\"><span lang=\"ES-MX\" style=\"font-family: 'Candara','sans-serif'; font-size: 14pt; mso-ansi-language: ES-MX;\"><span style=\"color: #000000;\">\u00a0<\/span><\/span><\/p>\n<p class=\"MsoNoSpacing\" style=\"text-align: justify; margin: 0in 0in 0pt;\"><span lang=\"ES-MX\" style=\"font-family: 'Candara','sans-serif'; font-size: 14pt; mso-ansi-language: ES-MX;\"><span style=\"color: #000000;\">En Octubre nos gozamos de que Armando y Ma. Isabel Arias, fueron a\u00f1adidos a la Iglesia por Bautismo, ellos tienen dos hijas de 3 y 8 a\u00f1os. <\/span><\/span><\/p>\n<p class=\"MsoNoSpacing\" style=\"text-align: justify; margin: 0in 0in 0pt;\"><span lang=\"ES-MX\" style=\"font-family: 'Candara','sans-serif'; font-size: 14pt; mso-ansi-language: ES-MX;\"><span style=\"color: #000000;\">\u00a0<\/span><\/span><\/p>\n<p class=\"MsoNoSpacing\" style=\"text-align: justify; margin: 0in 0in 0pt;\"><span lang=\"ES-MX\" style=\"font-family: 'Candara','sans-serif'; font-size: 14pt; mso-ansi-language: ES-MX;\"><span style=\"color: #000000;\">En los primeros meses nos enfrentamos a dificultades con familias para poder discipularles, debido a tres causas principales:<\/span><\/span><\/p>\n<p class=\"MsoNoSpacing\" style=\"text-align: justify; margin: 0in 0in 0pt;\"><span lang=\"ES-MX\" style=\"font-family: 'Candara','sans-serif'; font-size: 14pt; mso-ansi-language: ES-MX;\"><span style=\"color: #000000;\">\u00a0<\/span><\/span><\/p>\n<p class=\"MsoNoSpacing\" style=\"text-align: justify; margin: 0in 0in 0pt;\"><span lang=\"ES-MX\" style=\"font-family: 'Candara','sans-serif'; font-size: 14pt; mso-ansi-language: ES-MX;\"><span style=\"color: #000000;\">1. Algunos se han mudado de ciudad<span style=\"mso-spacerun: yes;\">\u00a0 <\/span><\/span><\/span><\/p>\n<p class=\"MsoNoSpacing\" style=\"text-align: justify; margin: 0in 0in 0pt;\"><span lang=\"ES-MX\" style=\"font-family: 'Candara','sans-serif'; font-size: 14pt; mso-ansi-language: ES-MX;\"><span style=\"color: #000000;\">2. Otros trabajan los 7 d\u00edas de la semana y <\/span><\/span><\/p>\n<p class=\"MsoNoSpacing\" style=\"text-align: justify; margin: 0in 0in 0pt;\"><span lang=\"ES-MX\" style=\"font-family: 'Candara','sans-serif'; font-size: 14pt; mso-ansi-language: ES-MX;\"><span style=\"color: #000000;\">3. Un alto \u00edndice de desintegraci\u00f3n familiar.<\/span><\/span><\/p>\n<p class=\"MsoNoSpacing\" style=\"text-align: justify; margin: 0in 0in 0pt;\"><span lang=\"ES-MX\" style=\"font-family: 'Candara','sans-serif'; font-size: 14pt; mso-ansi-language: ES-MX;\"><span style=\"color: #000000;\">\u00a0<\/span><\/span><\/p>\n<p class=\"MsoNoSpacing\" style=\"text-align: justify; margin: 0in 0in 0pt;\"><span lang=\"ES-MX\" style=\"font-family: 'Candara','sans-serif'; font-size: 14pt; mso-ansi-language: ES-MX;\"><span style=\"color: #000000;\">Los domingos por las tardes, comenzamos a tener reuniones familiares para apoyarles con ense\u00f1anza B\u00edblica sobre la Familia, con un promedio de 14.<\/span><\/span><\/p>\n<p class=\"MsoNoSpacing\" style=\"text-align: justify; margin: 0in 0in 0pt;\"><span lang=\"ES-MX\" style=\"font-family: 'Candara','sans-serif'; font-size: 14pt; mso-ansi-language: ES-MX;\"><span style=\"color: #000000;\">\u00a0<\/span><\/span><\/p>\n<p class=\"MsoNoSpacing\" style=\"text-align: justify; margin: 0in 0in 0pt;\"><span lang=\"ES-MX\" style=\"font-family: 'Candara','sans-serif'; font-size: 14pt; mso-ansi-language: ES-MX;\"><span style=\"color: #000000;\">Una de las cosas que mas nos cost\u00f3 es que los hermanos comiencen a diezmar y a ofrendar. Para Octubre del 2003 el promedio de ofrenda fu\u00e9 de $72.00 cada domingo.<span style=\"mso-spacerun: yes;\">\u00a0 <\/span>Con esto comenzamos a dar para Misiones, suplir aires acondicionados usados, lecciones para ni\u00f1os, refrigerios, etc.<\/span><\/span><\/p>\n<p class=\"MsoNoSpacing\" style=\"text-align: justify; margin: 0in 0in 0pt;\"><span lang=\"ES-MX\" style=\"font-family: 'Candara','sans-serif'; font-size: 14pt; mso-ansi-language: ES-MX;\"><span style=\"color: #000000;\">\u00a0<\/span><\/span><\/p>\n<p class=\"MsoNoSpacing\" style=\"text-align: justify; margin: 0in 0in 0pt;\"><span lang=\"ES-MX\" style=\"font-family: 'Candara','sans-serif'; font-size: 14pt; mso-ansi-language: ES-MX;\"><span style=\"color: #000000;\">Para Enero 04 tuvimos una asistencia promedio de 38. La iglesia segu\u00eda creciendo, la familia Chaj\u00f3n fue a\u00f1adida a la iglesia.<\/span><\/span><\/p>\n<p class=\"MsoNoSpacing\" style=\"text-align: justify; margin: 0in 0in 0pt;\"><span lang=\"ES-MX\" style=\"font-family: 'Candara','sans-serif'; font-size: 14pt; mso-ansi-language: ES-MX;\"><span style=\"color: #000000;\">\u00a0<\/span><\/span><\/p>\n<p class=\"MsoNoSpacing\" style=\"text-align: justify; margin: 0in 0in 0pt;\"><span lang=\"ES-MX\" style=\"font-family: 'Candara','sans-serif'; font-size: 14pt; mso-ansi-language: ES-MX;\"><span style=\"color: #000000;\">Comenzamos a apoyar mensualmente al Compa\u00f1erismo de Texas;<span style=\"mso-spacerun: yes;\">\u00a0 <\/span>al ETBBF y con un gesto de Gratitud a la Ig. Central Baptist Church<\/span><\/span><\/p>\n<p class=\"MsoNoSpacing\" style=\"text-align: justify; margin: 0in 0in 0pt;\"><span lang=\"ES-MX\" style=\"font-family: 'Candara','sans-serif'; font-size: 14pt; mso-ansi-language: ES-MX;\"><span style=\"color: #000000;\"><span style=\"mso-spacerun: yes;\">\u00a0<\/span><\/span><\/span><\/p>\n<p class=\"MsoNoSpacing\" style=\"text-align: justify; margin: 0in 0in 0pt;\"><span lang=\"ES-MX\" style=\"font-family: 'Candara','sans-serif'; font-size: 14pt; mso-ansi-language: ES-MX;\"><span style=\"color: #000000;\">El 6 y 7 de Febrero tuvimos en Pasadena TX.<span style=\"mso-spacerun: yes;\">\u00a0 <\/span>el 1er Compa\u00f1erismo de Iglesias y Pastores de Texas con una asistencia de 158 = 93 personas y 65 ni\u00f1os.<\/span><\/span><\/p>\n<p class=\"MsoNoSpacing\" style=\"text-align: justify; margin: 0in 0in 0pt;\"><span lang=\"ES-MX\" style=\"font-family: 'Candara','sans-serif'; font-size: 14pt; mso-ansi-language: ES-MX;\"><span style=\"color: #000000;\">\u00a0<\/span><\/span><\/p>\n<p class=\"MsoNoSpacing\" style=\"text-align: justify; margin: 0in 0in 0pt;\"><span lang=\"ES-MX\" style=\"font-family: 'Candara','sans-serif'; font-size: 14pt; mso-ansi-language: ES-MX;\"><span style=\"color: #000000;\">14 Pastores, 8 de estos pastores estaban por primera ocasi\u00f3n.<\/span><\/span><\/p>\n<p class=\"MsoNoSpacing\" style=\"text-align: justify; margin: 0in 0in 0pt;\"><span lang=\"ES-MX\" style=\"font-family: 'Candara','sans-serif'; font-size: 14pt; mso-ansi-language: ES-MX;\"><span style=\"color: #000000;\">\u00a0<\/span><\/span><\/p>\n<p class=\"MsoNoSpacing\" style=\"text-align: justify; margin: 0in 0in 0pt;\"><span lang=\"ES-MX\" style=\"font-family: 'Candara','sans-serif'; font-size: 14pt; mso-ansi-language: ES-MX;\"><span style=\"color: #000000;\">5 Iglesias con sus pastores estuvieron representadas de la CD. De Houston TX.<\/span><\/span><\/p>\n<p class=\"MsoNoSpacing\" style=\"text-align: justify; margin: 0in 0in 0pt;\"><span lang=\"ES-MX\" style=\"font-family: 'Candara','sans-serif'; font-size: 14pt; mso-ansi-language: ES-MX;\"><span style=\"color: #000000;\">\u00a0<\/span><\/span><\/p>\n<p class=\"MsoNoSpacing\" style=\"text-align: justify; margin: 0in 0in 0pt;\"><span lang=\"ES-MX\" style=\"font-family: 'Candara','sans-serif'; font-size: 14pt; mso-ansi-language: ES-MX;\"><span style=\"color: #000000;\">Todos los predicadores fueron usados por Dios y la respuesta fue total cundo la congregaci\u00f3n paso al altar.<\/span><\/span><\/p>\n<p class=\"MsoNoSpacing\" style=\"text-align: justify; margin: 0in 0in 0pt;\"><span lang=\"ES-MX\" style=\"font-family: 'Candara','sans-serif'; font-size: 14pt; mso-ansi-language: ES-MX;\"><span style=\"color: #000000;\">\u00a0<\/span><\/span><\/p>\n<p class=\"MsoNoSpacing\" style=\"text-align: justify; margin: 0in 0in 0pt;\"><span lang=\"ES-MX\" style=\"font-family: 'Candara','sans-serif'; font-size: 14pt; mso-ansi-language: ES-MX;\"><span style=\"color: #000000;\">Fue tremendo sentir y ver el deseo de participar para seguir creciendo.<\/span><\/span><\/p>\n<p class=\"MsoNoSpacing\" style=\"text-align: justify; margin: 0in 0in 0pt;\"><span lang=\"ES-MX\" style=\"font-family: 'Candara','sans-serif'; font-size: 14pt; mso-ansi-language: ES-MX;\"><span style=\"color: #000000;\">El 13 de Febrero en plena acci\u00f3n, ca\u00ed enfermo de una par\u00e1lisis facial y as\u00ed estuve durante dos meses, sin embargo Bendito sea<span style=\"mso-spacerun: yes;\">\u00a0 <\/span>Dios, esto no impidi\u00f3 que dejara de predicar el evangelio en ning\u00fan momento. Dios tenia tremendas lecciones para mi vida.<\/span><\/span><\/p>\n<p class=\"MsoNoSpacing\" style=\"text-align: justify; margin: 0in 0in 0pt;\"><span lang=\"ES-MX\" style=\"font-family: 'Candara','sans-serif'; font-size: 14pt; mso-ansi-language: ES-MX;\"><span style=\"color: #000000;\">\u00a0<\/span><\/span><\/p>\n<p class=\"MsoNoSpacing\" style=\"text-align: justify; margin: 0in 0in 0pt;\"><span lang=\"ES-MX\" style=\"font-family: 'Candara','sans-serif'; font-size: 14pt; mso-ansi-language: ES-MX;\"><span style=\"color: #000000;\">El 28 de Marzo<span style=\"mso-spacerun: yes;\">\u00a0 <\/span>Sa\u00fal linares y Rebeca Rosales fueron bautizadas.<\/span><\/span><\/p>\n<p class=\"MsoNoSpacing\" style=\"text-align: justify; margin: 0in 0in 0pt;\"><span lang=\"ES-MX\" style=\"font-family: 'Candara','sans-serif'; font-size: 14pt; mso-ansi-language: ES-MX;\"><span style=\"color: #000000;\">\u00a0<\/span><\/span><\/p>\n<p class=\"MsoNoSpacing\" style=\"text-align: justify; margin: 0in 0in 0pt;\"><span lang=\"ES-MX\" style=\"font-family: 'Candara','sans-serif'; font-size: 14pt; mso-ansi-language: ES-MX;\"><span style=\"color: #000000;\">El 11 de Abril las se\u00f1oritas<span style=\"mso-spacerun: yes;\">\u00a0 <\/span>Maria Chaj\u00f3n y Carla Chaj\u00f3n fueron bautizadas.<\/span><\/span><\/p>\n<p class=\"MsoNoSpacing\" style=\"text-align: justify; margin: 0in 0in 0pt;\"><span lang=\"ES-MX\" style=\"font-family: 'Candara','sans-serif'; font-size: 14pt; mso-ansi-language: ES-MX;\"><span style=\"color: #000000;\">\u00a0<\/span><\/span><\/p>\n<p class=\"MsoNoSpacing\" style=\"text-align: justify; margin: 0in 0in 0pt;\"><span lang=\"ES-MX\" style=\"font-family: 'Candara','sans-serif'; font-size: 14pt; mso-ansi-language: ES-MX;\"><span style=\"color: #000000;\">En este mes alcanzamos la asistencia promedio de 46.<\/span><\/span><\/p>\n<p class=\"MsoNoSpacing\" style=\"text-align: justify; margin: 0in 0in 0pt;\"><span lang=\"ES-MX\" style=\"font-family: 'Candara','sans-serif'; font-size: 14pt; mso-ansi-language: ES-MX;\"><span style=\"color: #000000;\">\u00a0<\/span><\/span><\/p>\n<p class=\"MsoNoSpacing\" style=\"text-align: justify; margin: 0in 0in 0pt;\"><span lang=\"ES-MX\" style=\"font-family: 'Candara','sans-serif'; font-size: 14pt; mso-ansi-language: ES-MX;\"><span style=\"color: #000000;\">Armando Arias, Maria Isabel Arias y Maria Chaj\u00f3n, recibieron el entrenamiento b\u00e1sico para apoyar como maestros en la Escuela Dominical.<\/span><\/span><\/p>\n<p class=\"MsoNoSpacing\" style=\"text-align: justify; margin: 0in 0in 0pt;\"><span lang=\"ES-MX\" style=\"font-family: 'Candara','sans-serif'; font-size: 14pt; mso-ansi-language: ES-MX;\"><span style=\"color: #000000;\">\u00a0<\/span><\/span><\/p>\n<p class=\"MsoNoSpacing\" style=\"text-align: justify; margin: 0in 0in 0pt;\"><span lang=\"ES-MX\" style=\"font-family: 'Candara','sans-serif'; font-size: 14pt; mso-ansi-language: ES-MX;\"><span style=\"color: #000000;\">En el verano del 04 desarrollamos actividades enfocadas en alcanzar almas para Cristo en el Gym<span style=\"mso-spacerun: yes;\">\u00a0 <\/span>con ense\u00f1anza Biblica, manualidades y deportes, hasta el 2 de Julio. 17 jovenes y 19 ni\u00f1os aceptaron a Cristo como salvador, 36 en Total.<\/span><\/span><\/p>\n<p class=\"MsoNoSpacing\" style=\"text-align: justify; margin: 0in 0in 0pt;\"><span lang=\"ES-MX\" style=\"font-family: 'Candara','sans-serif'; font-size: 14pt; mso-ansi-language: ES-MX;\"><span style=\"color: #000000;\">\u00a0<\/span><\/span><\/p>\n<p class=\"MsoNoSpacing\" style=\"text-align: justify; margin: 0in 0in 0pt;\"><span lang=\"ES-MX\" style=\"font-family: 'Candara','sans-serif'; font-size: 14pt; mso-ansi-language: ES-MX;\"><span style=\"color: #000000;\">En agosto la asistencia promedio fue de 56<span style=\"mso-spacerun: yes;\">\u00a0 <\/span>y cada d\u00eda nuestra oraci\u00f3n es que podamos llegar a madurar al punto de estar listos para organizarnos como Iglesia.<\/span><\/span><\/p>\n<p class=\"MsoNoSpacing\" style=\"text-align: justify; margin: 0in 0in 0pt;\">\n","protected":false},"excerpt":{"rendered":"<p>IBBPACER empez\u00f3 de la siguiente manera: \u00a0 Mi esposa Amada Vanoye y un servidor, El\u00edas Salazar nacimos y crecimos espiritualmente en la Iglesia Bautista B\u00edblica de Cd. Mante, Tamaulipas, M\u00e9xico&#8230;.<\/p>\n","protected":false},"author":1,"featured_media":0,"parent":0,"menu_order":2,"comment_status":"closed","ping_status":"closed","template":"page-eighty.php","meta":[],"categories":[4],"tags":[],"_links":{"self":[{"href":"http:\/\/ibbpacer.org\/index.php?rest_route=\/wp\/v2\/pages\/52"}],"collection":[{"href":"http:\/\/ibbpacer.org\/index.php?rest_route=\/wp\/v2\/pages"}],"about":[{"href":"http:\/\/ibbpacer.org\/index.php?rest_route=\/wp\/v2\/types\/page"}],"author":[{"embeddable":true,"href":"http:\/\/ibbpacer.org\/index.php?rest_route=\/wp\/v2\/users\/1"}],"replies":[{"embeddable":true,"href":"http:\/\/ibbpacer.org\/index.php?rest_route=%2Fwp%2Fv2%2Fcomments&post=52"}],"version-history":[{"count":5,"href":"http:\/\/ibbpacer.org\/index.php?rest_route=\/wp\/v2\/pages\/52\/revisions"}],"predecessor-version":[{"id":94,"href":"http:\/\/ibbpacer.org\/index.php?rest_route=\/wp\/v2\/pages\/52\/revisions\/94"}],"wp:attachment":[{"href":"http:\/\/ibbpacer.org\/index.php?rest_route=%2Fwp%2Fv2%2Fmedia&parent=52"}],"wp:term":[{"taxonomy":"category","embeddable":true,"href":"http:\/\/ibbpacer.org\/index.php?rest_route=%2Fwp%2Fv2%2Fcategories&post=52"},{"taxonomy":"post_tag","embeddable":true,"href":"http:\/\/ibbpacer.org\/index.php?rest_route=%2Fwp%2Fv2%2Ftags&post=52"}],"curies":[{"name":"wp","href":"https:\/\/api.w.org\/{rel}","templated":true}]}}